{"version":"1.0","provider_name":"Tudom, amit tudok","provider_url":"https:\/\/uvegcsillag.cafeblog.hu","author_name":"Csontos Mariann","author_url":"https:\/\/uvegcsillag.cafeblog.hu\/author\/mariann-csontosgmail-com\/","title":"Az \u00c9let Vir\u00e1ga","html":"<p style=\"text-align: justify\"><img src=\"http:\/\/m.cdn.blog.hu\/pa\/paintressy\/image\/elet.png\" alt=\"elet.png\" class=\"imgleft\" width=\"161\" height=\"161\" \/>Az <a href=\"http:\/\/hu.wikipedia.org\/wiki\/%C3%89let_vir%C3%A1ga\" target=\"_blank\"><strong>\u00c9let Vir\u00e1ga<\/strong><\/a> egy \u0151si szimb\u00f3lum. Mi csak j\u00e1tszottunk a k\u00f6rz\u0151nkkel gyerekkorunkban, \u00e9s nem is tudtuk :). Az\u00f3ta viszont, mi\u00f3ta ezt tudom, \u00f6r\u00f6mmel haszn\u00e1lom az alkot\u00e1sban.&nbsp;<\/p>\n<p style=\"text-align: justify\">Akkoriban egy rizsszem alak\u00fa fa gy\u00f6ngy\u00f6kb\u0151l k\u00e9sz\u00fclt n\u00e9gyzet alap\u00fa ed\u00e9nyal\u00e1t\u00e9tet tal\u00e1ltam, ami m\u00e1r megrong\u00e1l\u00f3dott. Sz\u00e9tszedtem, \u00e9s az \u00e9pen maradt szemekb\u0151l megf\u0171ztem els\u0151 \u00e9letvir\u00e1gomat. Azt\u00e1n k\u00e9sz\u00edtettem egy med\u00e1lt is, rizsszem gy\u00f6ngy\u00f6kb\u0151l.<\/p>\n<p style=\"text-align: justify\">Nem sok \u00f6r\u00f6m\u00f6m volt benne, m\u00e9g damilra f\u0171zve is l\u00f6ttyedt, tart\u00e1s n\u00e9lk\u00fcli darab lett, amit \u00e9n ugyan sz\u00edvesen viseltem - otthon -, de semmik\u00e9pp sem adhattam volna m\u00e1s kez\u00e9be. De most megtal\u00e1ltam a megold\u00e1st: nagyon v\u00e9kony, ez\u00fcstsz\u00edn\u0171 \u00e9kszerdr\u00f3tra f\u0171ztem:<\/p>\n<p style=\"text-align: center\"><img src=\"http:\/\/m.cdn.blog.hu\/pa\/paintressy\/image\/530528_169015789957231_12654099_n.jpg\" alt=\"530528_169015789957231_12654099_n.jpg\" class=\"imgnotext\" width=\"286\" height=\"214\" \/><\/p>\n<p style=\"text-align: justify\">Csak m\u00e9g azt nem tudom, mire f\u0171zzem. B\u0151rsz\u00e1lra? Selyemszalagra? Esetleg mem\u00f3riadr\u00f3tra? Hm...<\/p>\n<p style=\"text-align: justify\">Persze, nem csak gy\u00f6ngyb\u0151l dolgoztam fel a mot\u00edvumot :), felhaszn\u00e1ltam k\u00e9pkerethez is, csak akkor m\u00e9g nem tudtam, mit csin\u00e1lok :P.<\/p>\n<p style=\"text-align: center\"><a href=\"http:\/\/www.meska.hu\/ProductView\/index\/267234\" target=\"_blank\"><img src=\"http:\/\/m.cdn.blog.hu\/pa\/paintressy\/image\/1238868_169018456623631_648698720_n.jpg\" alt=\"1238868_169018456623631_648698720_n.jpg\" class=\"imgnotext\" width=\"236\" height=\"315\" \/><\/a><\/p>","type":"rich"}