{"version":"1.0","provider_name":"Tudom, amit tudok","provider_url":"https:\/\/uvegcsillag.cafeblog.hu","author_name":"Csontos Mariann","author_url":"https:\/\/uvegcsillag.cafeblog.hu\/author\/mariann-csontosgmail-com\/","title":"Melange","html":"<p style=\"text-align: justify\">Melange a cic\u00e1m. Az\u00e9rt neveztem el \u00edgy, mert nem el\u00e9g, hogy barna (a k\u00e1v\u00e9), feh\u00e9r (a tej) \u00e9s s\u00e1rg\u00e1s-v\u00f6r\u00f6s (a m\u00e9z) sz\u00edn\u0171 a sz\u0151re, de r\u00e1ad\u00e1sul van a tark\u00f3j\u00e1n egy folt, ami elv\u00e1g\u00f3lag f\u00e9lig barna, f\u00e9lig m\u00e9zsz\u00edn\u0171. \u00c9ppen, mint a melange...<\/p>\n<p style=\"text-align: justify\"><ul id=\"gallery-1419908062\" class=\"blh-gallery count-2\"><li class=\"image-1\"><a title=\"\" href=\"#gallery-1419908062_1\"><img class=\"imgnotext\" src=\"http:\/\/m.cdn.blog.hu\/pa\/paintressy\/image\/10338424_10203544944126699_7186799055550709888_o.jpg\" alt=\"\"><\/img><\/a><\/li><li class=\"image-2\"><a title=\"\" href=\"#gallery-1419908062_2\"><img class=\"imgnotext\" src=\"http:\/\/m.cdn.blog.hu\/pa\/paintressy\/image\/melange.jpg\" alt=\"\"><\/img><\/a><\/li><\/ul><\/p>\n<p style=\"text-align: justify\">Nem volt neh\u00e9z ezekhez a sz\u00ednekhez ny\u00falni, mikor ezt a cic\u00e1s f\u00e9nyk\u00e9ptart\u00f3t festettem ;)<\/p>\n<p style=\"text-align: justify\"><img src=\"http:\/\/m.cdn.blog.hu\/pa\/paintressy\/image\/SAM_0205.JPG\" alt=\"SAM_0205.JPG\" class=\"imgnotext open-in-modal\" height=\"307\" width=\"410\" \/><\/p>","type":"rich"}