{"version":"1.0","provider_name":"Tudom, amit tudok","provider_url":"https:\/\/uvegcsillag.cafeblog.hu","author_name":"Csontos Mariann","author_url":"https:\/\/uvegcsillag.cafeblog.hu\/author\/mariann-csontosgmail-com\/","title":"Adventi Kuck\u00f3","html":"<p><img src=\"http:\/\/m.cdn.blog.hu\/pa\/paintressy\/image\/fenykep0209.jpg\" alt=\"fenykep0209.jpg\" class=\"imgnotext open-in-modal\" height=\"308\" width=\"411\" \/><\/p>\n<p>Ja, nem is mes\u00e9ltem.<\/p>\n<p style=\"text-align: justify\">Az Adventi Kuck\u00f3t az ovis sz\u00fcl\u0151k tal\u00e1lt\u00e1k ki (itt T\u00fcrj\u00e9n) az\u00e9rt, hogy t\u00e1mogass\u00e1k az \u00f3vod\u00e1t, \u00e9s persze, hogy hagyom\u00e1nyt teremtsenek. Az \u00f3v\u00f3n\u00e9nik \u00e9s n\u00e9h\u00e1ny sz\u00fcl\u0151 mindenf\u00e9le kar\u00e1csonyi cuccot k\u00e9sz\u00edtenek, \u00e9s azt\u00e1n az Adventi Kuck\u00f3ban meg eladj\u00e1k, \u00e9s hasznos dolgokat vesznek bel\u0151le az ovinak. \u00c9s persze megh\u00edvnak k\u00e9zm\u0171veseket, hogy sz\u00ednesebb \u00e9s hangulatosabb legyen.<\/p>\n<p style=\"text-align: justify\">\u00c9s h\u00e1t \u00e9n is ott voltam ;)<\/p>\n<p style=\"text-align: justify\">\u00a0<\/p>","type":"rich"}